{"id":7,"date":"2014-02-13T15:47:14","date_gmt":"2014-02-13T13:47:14","guid":{"rendered":"http:\/\/neu.friederikebuech.de\/wp\/?page_id=7"},"modified":"2025-03-23T20:16:06","modified_gmt":"2025-03-23T19:16:06","slug":"leben","status":"publish","type":"page","link":"https:\/\/friederikebuech.de\/?page_id=7","title":{"rendered":"Vita"},"content":{"rendered":"<p><a href=\"http:\/\/friederikebuech.de\/wp-content\/uploads\/2025\/03\/Buech-Friederike-28.04.-gross-5331-x-709.jpg\"><img loading=\"lazy\" decoding=\"async\" class=\"alignnone wp-image-1102 size-medium\" src=\"http:\/\/friederikebuech.de\/wp-content\/uploads\/2025\/03\/Buech-Friederike-28.04.-gross-5331-x-709-225x300.jpg\" alt=\"\" width=\"225\" height=\"300\" srcset=\"https:\/\/friederikebuech.de\/wp-content\/uploads\/2025\/03\/Buech-Friederike-28.04.-gross-5331-x-709-225x300.jpg 225w, https:\/\/friederikebuech.de\/wp-content\/uploads\/2025\/03\/Buech-Friederike-28.04.-gross-5331-x-709-75x100.jpg 75w, https:\/\/friederikebuech.de\/wp-content\/uploads\/2025\/03\/Buech-Friederike-28.04.-gross-5331-x-709-449x600.jpg 449w, https:\/\/friederikebuech.de\/wp-content\/uploads\/2025\/03\/Buech-Friederike-28.04.-gross-5331-x-709.jpg 531w\" sizes=\"auto, (max-width: 225px) 100vw, 225px\" \/><\/a><\/p>\n\n<table id=\"tablepress-1\" class=\"tablepress tablepress-id-1\">\n<tbody>\n<tr class=\"row-1\">\n\t<td class=\"column-1\">1963<\/td><td class=\"column-2\">geb. in K\u00f6tzting \/ Bayerischer Wald, in M\u00fcnchen lebend<\/td>\n<\/tr>\n<tr class=\"row-2\">\n\t<td class=\"column-1\">1984 - 85<\/td><td class=\"column-2\">Studium der Kunsterziehung, Universit\u00e4t Augsburg<\/td>\n<\/tr>\n<tr class=\"row-3\">\n\t<td class=\"column-1\">1985 - 93<\/td><td class=\"column-2\">Studium der Malerei und Grafik bei Prof. Gerd Dengler an der Akademie der bildenden K\u00fcnste, M\u00fcnchen<\/td>\n<\/tr>\n<tr class=\"row-4\">\n\t<td class=\"column-1\">1990 - 91<\/td><td class=\"column-2\">Stipendium des Deutsch-Franz\u00f6sischen Jugendwerks, Aufenthalte in Bordeaux, Paris und Venedig<\/td>\n<\/tr>\n<tr class=\"row-5\">\n\t<td class=\"column-1\">Seit 1993<\/td><td class=\"column-2\">neben abh\u00e4ngiger Besch\u00e4ftigung freischaffend t\u00e4tig, diverse Auftragsarbeiten<\/td>\n<\/tr>\n<tr class=\"row-6\">\n\t<td class=\"column-1\">1996 - 97<\/td><td class=\"column-2\">B\u00fchnenbildassistenz und B\u00fchnenraummalerei (Teamtheater und Prinzregententheater M\u00fcnchen)<\/td>\n<\/tr>\n<tr class=\"row-7\">\n\t<td class=\"column-1\">2018<\/td><td class=\"column-2\">Atelierer\u00f6ffnung Neuaubing<\/td>\n<\/tr>\n<\/tbody>\n<\/table>\n<!-- #tablepress-1 from cache -->\n<h3>Einzelausstellungen<\/h3>\n\n<table id=\"tablepress-2\" class=\"tablepress tablepress-id-2\">\n<tbody>\n<tr class=\"row-1\">\n\t<td class=\"column-1\">1995<\/td><td class=\"column-2\">Kappeneck, Augsburg<\/td>\n<\/tr>\n<tr class=\"row-2\">\n\t<td class=\"column-1\">1998<\/td><td class=\"column-2\">Atelier Zelai Azpi, Zumaia (Spanien)<\/td>\n<\/tr>\n<tr class=\"row-3\">\n\t<td class=\"column-1\">2000<\/td><td class=\"column-2\">Klinikum Gro\u00dfhadern, M\u00fcnchen<br \/>\nKrankenhaus Viechtach<\/td>\n<\/tr>\n<tr class=\"row-4\">\n\t<td class=\"column-1\">2002<\/td><td class=\"column-2\">Schlo\u00dfcafe im Palmenhaus, M\u00fcnchen<br \/>\nSardisches Haus, Westpark M\u00fcnchen<\/td>\n<\/tr>\n<tr class=\"row-5\">\n\t<td class=\"column-1\">2003<\/td><td class=\"column-2\">Orangerie im Englischen Garten, M\u00fcnchen<\/td>\n<\/tr>\n<tr class=\"row-6\">\n\t<td class=\"column-1\">2004<\/td><td class=\"column-2\">Galerie Lochte, Hamburg<\/td>\n<\/tr>\n<tr class=\"row-7\">\n\t<td class=\"column-1\">2007<\/td><td class=\"column-2\">Klinikum Gro\u00dfhadern, M\u00fcnchen<br \/>\nAudi-Akademie Ingolstadt<\/td>\n<\/tr>\n<tr class=\"row-8\">\n\t<td class=\"column-1\">2008<\/td><td class=\"column-2\">Galerie Kunst im Rahmen, M\u00fcnchen<br \/>\nOrangerie im Englischen Garten, M\u00fcnchen<\/td>\n<\/tr>\n<tr class=\"row-9\">\n\t<td class=\"column-1\">2011<\/td><td class=\"column-2\">Galerie Carola Insinger, Distelhausen<\/td>\n<\/tr>\n<tr class=\"row-10\">\n\t<td class=\"column-1\">2013<\/td><td class=\"column-2\">Gemeinschaftspraxispraxis Engelhardstrasse, M\u00fcnchen<\/td>\n<\/tr>\n<tr class=\"row-11\">\n\t<td class=\"column-1\">2014<\/td><td class=\"column-2\">Galerie der KVD, K\u00fcnstlervereinigung Dachau<\/td>\n<\/tr>\n<tr class=\"row-12\">\n\t<td class=\"column-1\">2018 - 19<\/td><td class=\"column-2\">Zahnarztpraxis Dr. Link, M\u00fcnchen<\/td>\n<\/tr>\n<tr class=\"row-13\">\n\t<td class=\"column-1\">2021<\/td><td class=\"column-2\">M\u00fcnchner Bank<\/td>\n<\/tr>\n<tr class=\"row-14\">\n\t<td class=\"column-1\">2023<\/td><td class=\"column-2\">AE-Artgallery, M\u00fcnchen<\/td>\n<\/tr>\n<\/tbody>\n<\/table>\n<!-- #tablepress-2 from cache -->\n<h3>Ausstellungsbeteiligungen<\/h3>\n\n<table id=\"tablepress-3\" class=\"tablepress tablepress-id-3\">\n<tbody>\n<tr class=\"row-1\">\n\t<td class=\"column-1\">1989<\/td><td class=\"column-2\">Rathaus Gr\u00e4felfing<br \/>\nRaiffeisenbank Aichach<br \/>\nSiebdruck-Wandgestaltung, Akademie der bildenden K\u00fcnste, M\u00fcnchen<\/td>\n<\/tr>\n<tr class=\"row-2\">\n\t<td class=\"column-1\">1997<\/td><td class=\"column-2\">Schlo\u00df H\u00f6chstadt-Aisch, Kunstverein<br \/>\nNikolaus-Cusanus Akademie, Brixen<\/td>\n<\/tr>\n<tr class=\"row-3\">\n\t<td class=\"column-1\">2002<\/td><td class=\"column-2\">KAIROS NEW ART GALLERY LTD., M\u00fcnchen<\/td>\n<\/tr>\n<tr class=\"row-4\">\n\t<td class=\"column-1\">2003<\/td><td class=\"column-2\">Buntspecht Zwiesel<\/td>\n<\/tr>\n<tr class=\"row-5\">\n\t<td class=\"column-1\">2004<\/td><td class=\"column-2\">Viechtacher Ausstellung<\/td>\n<\/tr>\n<tr class=\"row-6\">\n\t<td class=\"column-1\">2006<\/td><td class=\"column-2\">Art Domain Gallery, Leipzig<\/td>\n<\/tr>\n<tr class=\"row-7\">\n\t<td class=\"column-1\">2007 - 23<\/td><td class=\"column-2\">j\u00e4hrlich Galerie im Woferlhof, Wettzell<\/td>\n<\/tr>\n<tr class=\"row-8\">\n\t<td class=\"column-1\">2008<\/td><td class=\"column-2\">Kunst in Sendling, M\u00fcnchen<\/td>\n<\/tr>\n<tr class=\"row-9\">\n\t<td class=\"column-1\">2010<\/td><td class=\"column-2\">Zwiesler Buntspecht<br \/>\nGoetheinstitut M\u00fcnchen<\/td>\n<\/tr>\n<tr class=\"row-10\">\n\t<td class=\"column-1\">2010  - 12<\/td><td class=\"column-2\">Autorengalerie, M\u00fcnchen<\/td>\n<\/tr>\n<tr class=\"row-11\">\n\t<td class=\"column-1\">2011 - 23<\/td><td class=\"column-2\">Kunst in Sendling, M\u00fcnchen<\/td>\n<\/tr>\n<tr class=\"row-12\">\n\t<td class=\"column-1\">2012<\/td><td class=\"column-2\">Nominierung f\u00fcr den 9. Kunstpreis, Kunstverein Wesseling<br \/>\n46. Bad K\u00f6tztinger Kunstausstellung<\/td>\n<\/tr>\n<tr class=\"row-13\">\n\t<td class=\"column-1\">2019<\/td><td class=\"column-2\">Kunstspielekunst, Kunststation Kleinsassen<\/td>\n<\/tr>\n<tr class=\"row-14\">\n\t<td class=\"column-1\">2023 - 25<\/td><td class=\"column-2\">Sendlinger Bilderfries, M\u00fcnchen<\/td>\n<\/tr>\n<tr class=\"row-15\">\n\t<td class=\"column-1\"><\/td><td class=\"column-2\"><\/td>\n<\/tr>\n<\/tbody>\n<\/table>\n<!-- #tablepress-3 from cache -->\n","protected":false},"excerpt":{"rendered":"<p>Einzelausstellungen Ausstellungsbeteiligungen<\/p>\n","protected":false},"author":2,"featured_media":0,"parent":0,"menu_order":3,"comment_status":"closed","ping_status":"closed","template":"","meta":{"footnotes":""},"class_list":["post-7","page","type-page","status-publish","hentry"],"_links":{"self":[{"href":"https:\/\/friederikebuech.de\/index.php?rest_route=\/wp\/v2\/pages\/7","targetHints":{"allow":["GET"]}}],"collection":[{"href":"https:\/\/friederikebuech.de\/index.php?rest_route=\/wp\/v2\/pages"}],"about":[{"href":"https:\/\/friederikebuech.de\/index.php?rest_route=\/wp\/v2\/types\/page"}],"author":[{"embeddable":true,"href":"https:\/\/friederikebuech.de\/index.php?rest_route=\/wp\/v2\/users\/2"}],"replies":[{"embeddable":true,"href":"https:\/\/friederikebuech.de\/index.php?rest_route=%2Fwp%2Fv2%2Fcomments&post=7"}],"version-history":[{"count":100,"href":"https:\/\/friederikebuech.de\/index.php?rest_route=\/wp\/v2\/pages\/7\/revisions"}],"predecessor-version":[{"id":1103,"href":"https:\/\/friederikebuech.de\/index.php?rest_route=\/wp\/v2\/pages\/7\/revisions\/1103"}],"wp:attachment":[{"href":"https:\/\/friederikebuech.de\/index.php?rest_route=%2Fwp%2Fv2%2Fmedia&parent=7"}],"curies":[{"name":"wp","href":"https:\/\/api.w.org\/{rel}","templated":true}]}}